{"id":32501,"date":"2025-01-13T16:00:01","date_gmt":"2025-01-13T16:00:01","guid":{"rendered":"https:\/\/www.mgmrestop.com\/?page_id=32501"},"modified":"2025-01-13T16:13:44","modified_gmt":"2025-01-13T16:13:44","slug":"etiquetage-environnemental-des-emballages","status":"publish","type":"page","link":"https:\/\/www.mgmrestop.com\/fr\/etiquetage-environnemental-des-emballages\/","title":{"rendered":"\u00c9tiquetage environnemental des emballages"},"content":{"rendered":"\n<div class=\"wp-block-columns are-vertically-aligned-center is-layout-flex wp-container-core-columns-is-layout-1 wp-block-columns-is-layout-flex\">\n<div class=\"wp-block-column is-vertically-aligned-center is-layout-flow wp-block-column-is-layout-flow\" style=\"flex-basis:20%\">\n<figure class=\"wp-block-image size-large\"><img loading=\"lazy\" decoding=\"async\" width=\"386\" height=\"516\" src=\"https:\/\/www.mgmrestop.com\/wp-content\/uploads\/2025\/01\/image.jpeg\" alt=\"\" class=\"wp-image-32502\" srcset=\"https:\/\/www.mgmrestop.com\/wp-content\/uploads\/2025\/01\/image.jpeg 386w, https:\/\/www.mgmrestop.com\/wp-content\/uploads\/2025\/01\/image-224x300.jpeg 224w, https:\/\/www.mgmrestop.com\/wp-content\/uploads\/2025\/01\/image-50x67.jpeg 50w\" sizes=\"(max-width: 386px) 100vw, 386px\" \/><\/figure>\n<\/div>\n\n\n\n<div class=\"wp-block-column is-vertically-aligned-center is-layout-flow wp-block-column-is-layout-flow\" style=\"flex-basis:50%\">\n<p class=\"has-small-font-size\">\u00c9tiquetage environnemental des emballages<\/p>\n<\/div>\n\n\n\n<div class=\"wp-block-column is-vertically-aligned-center is-layout-flow wp-block-column-is-layout-flow\" style=\"flex-basis:25%\">\n<div class=\"wp-block-group catalogo\"><div class=\"wp-block-group__inner-container is-layout-flow wp-block-group-is-layout-flow\">\n<div class=\"wp-block-group buttondown\"><div class=\"wp-block-group__inner-container is-layout-flow wp-block-group-is-layout-flow\"><style>.wp-block-kadence-icon.kt-svg-icons32501_e5d379-ff{justify-content:flex-end;}<\/style>\n<div class=\"wp-block-kadence-icon kt-svg-icons kt-svg-icons32501_e5d379-ff alignnone\"><style>.kt-svg-item-32501_504c4c-f7 .kb-svg-icon-wrap, .kt-svg-style-stacked.kt-svg-item-32501_504c4c-f7 .kb-svg-icon-wrap{color:#444444;font-size:15px;}<\/style>\n<div class=\"wp-block-kadence-single-icon kt-svg-style-default kt-svg-icon-wrap kt-svg-item-32501_504c4c-f7\"><span class=\"kb-svg-icon-wrap kb-svg-icon-fas_file-pdf\"><svg viewBox=\"0 0 384 512\"  fill=\"currentColor\" xmlns=\"http:\/\/www.w3.org\/2000\/svg\"  aria-hidden=\"true\"><path d=\"M181.9 256.1c-5-16-4.9-46.9-2-46.9 8.4 0 7.6 36.9 2 46.9zm-1.7 47.2c-7.7 20.2-17.3 43.3-28.4 62.7 18.3-7 39-17.2 62.9-21.9-12.7-9.6-24.9-23.4-34.5-40.8zM86.1 428.1c0 .8 13.2-5.4 34.9-40.2-6.7 6.3-29.1 24.5-34.9 40.2zM248 160h136v328c0 13.3-10.7 24-24 24H24c-13.3 0-24-10.7-24-24V24C0 10.7 10.7 0 24 0h200v136c0 13.2 10.8 24 24 24zm-8 171.8c-20-12.2-33.3-29-42.7-53.8 4.5-18.5 11.6-46.6 6.2-64.2-4.7-29.4-42.4-26.5-47.8-6.8-5 18.3-.4 44.1 8.1 77-11.6 27.6-28.7 64.6-40.8 85.8-.1 0-.1.1-.2.1-27.1 13.9-73.6 44.5-54.5 68 5.6 6.9 16 10 21.5 10 17.9 0 35.7-18 61.1-61.8 25.8-8.5 54.1-19.1 79-23.2 21.7 11.8 47.1 19.5 64 19.5 29.2 0 31.2-32 19.7-43.4-13.9-13.6-54.3-9.7-73.6-7.2zM377 105L279 7c-4.5-4.5-10.6-7-17-7h-6v128h128v-6.1c0-6.3-2.5-12.4-7-16.9zm-74.1 255.3c4.1-2.7-2.5-11.9-42.8-9 37.1 15.8 42.8 9 42.8 9z\"\/><\/svg><\/span><\/div>\n<\/div>\n\n\n\n<p class=\"has-text-align-center\"><a href=\"https:\/\/www.mgmrestop.com\/wp-content\/uploads\/2025\/01\/Etichettatura-ambientale-imballaggi.pdf\">T\u00e9l\u00e9charger PDF <\/a><\/p>\n<\/div><\/div>\n<\/div><\/div>\n<\/div>\n<\/div>\n","protected":false},"excerpt":{"rendered":"<p>\u00c9tiquetage environnemental des emballages T\u00e9l\u00e9charger PDF<\/p>\n","protected":false},"author":7,"featured_media":0,"parent":0,"menu_order":0,"comment_status":"closed","ping_status":"closed","template":"template-full-width.php","meta":{"_acf_changed":false,"_coblocks_attr":"","_coblocks_dimensions":"","_coblocks_responsive_height":"","_coblocks_accordion_ie_support":"","_uag_custom_page_level_css":"","footnotes":""},"class_list":["post-32501","page","type-page","status-publish","has-post-thumbnail","hentry"],"acf":[],"yoast_head":"<!-- This site is optimized with the Yoast SEO plugin v24.5 - https:\/\/yoast.com\/wordpress\/plugins\/seo\/ -->\n<title>\u00c9tiquetage environnemental des emballages - M.G.M. Motori Elettrici S.p.a.<\/title>\n<meta name=\"robots\" content=\"index, follow, max-snippet:-1, max-image-preview:large, max-video-preview:-1\" \/>\n<link rel=\"canonical\" href=\"https:\/\/www.mgmrestop.com\/fr\/etiquetage-environnemental-des-emballages\/\" \/>\n<meta property=\"og:locale\" content=\"fr_FR\" \/>\n<meta property=\"og:type\" content=\"article\" \/>\n<meta property=\"og:title\" content=\"\u00c9tiquetage environnemental des emballages - M.G.M. Motori Elettrici S.p.a.\" \/>\n<meta property=\"og:description\" content=\"\u00c9tiquetage environnemental des emballages T\u00e9l\u00e9charger PDF\" \/>\n<meta property=\"og:url\" content=\"https:\/\/www.mgmrestop.com\/fr\/etiquetage-environnemental-des-emballages\/\" \/>\n<meta property=\"og:site_name\" content=\"MGM Motor Stop\" \/>\n<meta property=\"article:modified_time\" content=\"2025-01-13T16:13:44+00:00\" \/>\n<meta property=\"og:image\" content=\"https:\/\/www.mgmrestop.com\/wp-content\/uploads\/2025\/01\/image.jpeg\" \/>\n\t<meta property=\"og:image:width\" content=\"386\" \/>\n\t<meta property=\"og:image:height\" content=\"516\" \/>\n\t<meta property=\"og:image:type\" content=\"image\/jpeg\" \/>\n<meta name=\"twitter:card\" content=\"summary_large_image\" \/>\n<script type=\"application\/ld+json\" class=\"yoast-schema-graph\">{\"@context\":\"https:\/\/schema.org\",\"@graph\":[{\"@type\":\"WebPage\",\"@id\":\"https:\/\/www.mgmrestop.com\/fr\/etiquetage-environnemental-des-emballages\/\",\"url\":\"https:\/\/www.mgmrestop.com\/fr\/etiquetage-environnemental-des-emballages\/\",\"name\":\"\u00c9tiquetage environnemental des emballages - M.G.M. Motori Elettrici S.p.a.\",\"isPartOf\":{\"@id\":\"https:\/\/www.mgmrestop.com\/#website\"},\"primaryImageOfPage\":{\"@id\":\"https:\/\/www.mgmrestop.com\/fr\/etiquetage-environnemental-des-emballages\/#primaryimage\"},\"image\":{\"@id\":\"https:\/\/www.mgmrestop.com\/fr\/etiquetage-environnemental-des-emballages\/#primaryimage\"},\"thumbnailUrl\":\"https:\/\/www.mgmrestop.com\/wp-content\/uploads\/2025\/01\/image.jpeg\",\"datePublished\":\"2025-01-13T16:00:01+00:00\",\"dateModified\":\"2025-01-13T16:13:44+00:00\",\"breadcrumb\":{\"@id\":\"https:\/\/www.mgmrestop.com\/fr\/etiquetage-environnemental-des-emballages\/#breadcrumb\"},\"inLanguage\":\"fr-FR\",\"potentialAction\":[{\"@type\":\"ReadAction\",\"target\":[\"https:\/\/www.mgmrestop.com\/fr\/etiquetage-environnemental-des-emballages\/\"]}]},{\"@type\":\"ImageObject\",\"inLanguage\":\"fr-FR\",\"@id\":\"https:\/\/www.mgmrestop.com\/fr\/etiquetage-environnemental-des-emballages\/#primaryimage\",\"url\":\"https:\/\/www.mgmrestop.com\/wp-content\/uploads\/2025\/01\/image.jpeg\",\"contentUrl\":\"https:\/\/www.mgmrestop.com\/wp-content\/uploads\/2025\/01\/image.jpeg\"},{\"@type\":\"BreadcrumbList\",\"@id\":\"https:\/\/www.mgmrestop.com\/fr\/etiquetage-environnemental-des-emballages\/#breadcrumb\",\"itemListElement\":[{\"@type\":\"ListItem\",\"position\":1,\"name\":\"Home\",\"item\":\"https:\/\/www.mgmrestop.com\/fr\/\"},{\"@type\":\"ListItem\",\"position\":2,\"name\":\"\u00c9tiquetage environnemental des emballages\"}]},{\"@type\":\"WebSite\",\"@id\":\"https:\/\/www.mgmrestop.com\/#website\",\"url\":\"https:\/\/www.mgmrestop.com\/\",\"name\":\"M.G.M. Motori Elettrici S.p.a.\",\"description\":\"\",\"publisher\":{\"@id\":\"https:\/\/www.mgmrestop.com\/#organization\"},\"potentialAction\":[{\"@type\":\"SearchAction\",\"target\":{\"@type\":\"EntryPoint\",\"urlTemplate\":\"https:\/\/www.mgmrestop.com\/?s={search_term_string}\"},\"query-input\":{\"@type\":\"PropertyValueSpecification\",\"valueRequired\":true,\"valueName\":\"search_term_string\"}}],\"inLanguage\":\"fr-FR\"},{\"@type\":\"Organization\",\"@id\":\"https:\/\/www.mgmrestop.com\/#organization\",\"name\":\"M.G.M. Motori Elettrici S.p.a.\",\"url\":\"https:\/\/www.mgmrestop.com\/\",\"logo\":{\"@type\":\"ImageObject\",\"inLanguage\":\"fr-FR\",\"@id\":\"https:\/\/www.mgmrestop.com\/#\/schema\/logo\/image\/\",\"url\":\"https:\/\/www.mgmrestop.com\/wp-content\/uploads\/2023\/06\/cropped-MGM_Marchio_Logo_700px.png\",\"contentUrl\":\"https:\/\/www.mgmrestop.com\/wp-content\/uploads\/2023\/06\/cropped-MGM_Marchio_Logo_700px.png\",\"width\":2917,\"height\":1560,\"caption\":\"M.G.M. Motori Elettrici S.p.a.\"},\"image\":{\"@id\":\"https:\/\/www.mgmrestop.com\/#\/schema\/logo\/image\/\"}}]}<\/script>\n<!-- \/ Yoast SEO plugin. -->","yoast_head_json":{"title":"\u00c9tiquetage environnemental des emballages - M.G.M. Motori Elettrici S.p.a.","robots":{"index":"index","follow":"follow","max-snippet":"max-snippet:-1","max-image-preview":"max-image-preview:large","max-video-preview":"max-video-preview:-1"},"canonical":"https:\/\/www.mgmrestop.com\/fr\/etiquetage-environnemental-des-emballages\/","og_locale":"fr_FR","og_type":"article","og_title":"\u00c9tiquetage environnemental des emballages - M.G.M. Motori Elettrici S.p.a.","og_description":"\u00c9tiquetage environnemental des emballages T\u00e9l\u00e9charger PDF","og_url":"https:\/\/www.mgmrestop.com\/fr\/etiquetage-environnemental-des-emballages\/","og_site_name":"MGM Motor Stop","article_modified_time":"2025-01-13T16:13:44+00:00","og_image":[{"width":386,"height":516,"url":"https:\/\/www.mgmrestop.com\/wp-content\/uploads\/2025\/01\/image.jpeg","type":"image\/jpeg"}],"twitter_card":"summary_large_image","schema":{"@context":"https:\/\/schema.org","@graph":[{"@type":"WebPage","@id":"https:\/\/www.mgmrestop.com\/fr\/etiquetage-environnemental-des-emballages\/","url":"https:\/\/www.mgmrestop.com\/fr\/etiquetage-environnemental-des-emballages\/","name":"\u00c9tiquetage environnemental des emballages - M.G.M. Motori Elettrici S.p.a.","isPartOf":{"@id":"https:\/\/www.mgmrestop.com\/#website"},"primaryImageOfPage":{"@id":"https:\/\/www.mgmrestop.com\/fr\/etiquetage-environnemental-des-emballages\/#primaryimage"},"image":{"@id":"https:\/\/www.mgmrestop.com\/fr\/etiquetage-environnemental-des-emballages\/#primaryimage"},"thumbnailUrl":"https:\/\/www.mgmrestop.com\/wp-content\/uploads\/2025\/01\/image.jpeg","datePublished":"2025-01-13T16:00:01+00:00","dateModified":"2025-01-13T16:13:44+00:00","breadcrumb":{"@id":"https:\/\/www.mgmrestop.com\/fr\/etiquetage-environnemental-des-emballages\/#breadcrumb"},"inLanguage":"fr-FR","potentialAction":[{"@type":"ReadAction","target":["https:\/\/www.mgmrestop.com\/fr\/etiquetage-environnemental-des-emballages\/"]}]},{"@type":"ImageObject","inLanguage":"fr-FR","@id":"https:\/\/www.mgmrestop.com\/fr\/etiquetage-environnemental-des-emballages\/#primaryimage","url":"https:\/\/www.mgmrestop.com\/wp-content\/uploads\/2025\/01\/image.jpeg","contentUrl":"https:\/\/www.mgmrestop.com\/wp-content\/uploads\/2025\/01\/image.jpeg"},{"@type":"BreadcrumbList","@id":"https:\/\/www.mgmrestop.com\/fr\/etiquetage-environnemental-des-emballages\/#breadcrumb","itemListElement":[{"@type":"ListItem","position":1,"name":"Home","item":"https:\/\/www.mgmrestop.com\/fr\/"},{"@type":"ListItem","position":2,"name":"\u00c9tiquetage environnemental des emballages"}]},{"@type":"WebSite","@id":"https:\/\/www.mgmrestop.com\/#website","url":"https:\/\/www.mgmrestop.com\/","name":"M.G.M. Motori Elettrici S.p.a.","description":"","publisher":{"@id":"https:\/\/www.mgmrestop.com\/#organization"},"potentialAction":[{"@type":"SearchAction","target":{"@type":"EntryPoint","urlTemplate":"https:\/\/www.mgmrestop.com\/?s={search_term_string}"},"query-input":{"@type":"PropertyValueSpecification","valueRequired":true,"valueName":"search_term_string"}}],"inLanguage":"fr-FR"},{"@type":"Organization","@id":"https:\/\/www.mgmrestop.com\/#organization","name":"M.G.M. Motori Elettrici S.p.a.","url":"https:\/\/www.mgmrestop.com\/","logo":{"@type":"ImageObject","inLanguage":"fr-FR","@id":"https:\/\/www.mgmrestop.com\/#\/schema\/logo\/image\/","url":"https:\/\/www.mgmrestop.com\/wp-content\/uploads\/2023\/06\/cropped-MGM_Marchio_Logo_700px.png","contentUrl":"https:\/\/www.mgmrestop.com\/wp-content\/uploads\/2023\/06\/cropped-MGM_Marchio_Logo_700px.png","width":2917,"height":1560,"caption":"M.G.M. Motori Elettrici S.p.a."},"image":{"@id":"https:\/\/www.mgmrestop.com\/#\/schema\/logo\/image\/"}}]}},"featured_image_src":null,"featured_image_src_square":null,"uagb_featured_image_src":{"full":false,"thumbnail":false,"medium":false,"medium_large":false,"large":false,"gs-tiny":false,"xl":false,"xxl":false,"xxxl":false,"xxxxl":false,"xxxxxl":false,"1536x1536":false,"2048x2048":false,"gb-block-post-grid-landscape":false,"gb-block-post-grid-square":false,"news_homepage":false,"settori_homepage":false,"post-thumbnail":false,"chaplin_preview_image_low_resolution":false,"chaplin_preview_image_high_resolution":false,"chaplin_fullscreen":false},"uagb_author_info":{"display_name":"Maria Ester","author_link":"https:\/\/www.mgmrestop.com\/fr\/author\/maria-ester\/"},"uagb_comment_info":0,"uagb_excerpt":"\u00c9tiquetage environnemental des emballages T\u00e9l\u00e9charger PDF","_links":{"self":[{"href":"https:\/\/www.mgmrestop.com\/fr\/wp-json\/wp\/v2\/pages\/32501"}],"collection":[{"href":"https:\/\/www.mgmrestop.com\/fr\/wp-json\/wp\/v2\/pages"}],"about":[{"href":"https:\/\/www.mgmrestop.com\/fr\/wp-json\/wp\/v2\/types\/page"}],"author":[{"embeddable":true,"href":"https:\/\/www.mgmrestop.com\/fr\/wp-json\/wp\/v2\/users\/7"}],"replies":[{"embeddable":true,"href":"https:\/\/www.mgmrestop.com\/fr\/wp-json\/wp\/v2\/comments?post=32501"}],"version-history":[{"count":0,"href":"https:\/\/www.mgmrestop.com\/fr\/wp-json\/wp\/v2\/pages\/32501\/revisions"}],"wp:attachment":[{"href":"https:\/\/www.mgmrestop.com\/fr\/wp-json\/wp\/v2\/media?parent=32501"}],"curies":[{"name":"wp","href":"https:\/\/api.w.org\/{rel}","templated":true}]}}